{"id":256,"date":"2023-09-19T13:09:55","date_gmt":"2023-09-19T11:09:55","guid":{"rendered":"https:\/\/www.lehrer.at\/uno\/?page_id=256"},"modified":"2023-09-19T14:56:01","modified_gmt":"2023-09-19T12:56:01","slug":"voelkerrechte","status":"publish","type":"page","link":"https:\/\/www.lehrer.at\/uno\/voelkerrechte\/","title":{"rendered":"V\u00f6lkerrechte"},"content":{"rendered":"\n<h3 class=\"wp-block-heading\">V\u00f6lkerrechte<\/h3>\n\n\n\n<p>Dieses Kurzpaket soll \u00f6sterreichische P\u00e4dagogInnen der Sekundarstufe dabei unterst\u00fctzen, ihren Sch\u00fclerInnen das Thema \u201eV\u00f6lkerrecht\u201c und die Rolle der UNO in diesem Zusammenhang im Unterricht n\u00e4herzubringen.<\/p>\n\n\n\n<h4 class=\"wp-block-heading\">Lernziele<\/h4>\n\n\n\n<p>Die Sch\u00fclerInnen<\/p>\n\n\n\n<ul class=\"wp-block-list\">\n<li>setzen sich mit dem Begriff \u201eV\u00f6lkerrecht\u201c auseinander.<\/li>\n\n\n\n<li>lernen die Rolle der UNO als wichtige Unterst\u00fctzerin der Weiterentwicklung des V\u00f6lkerrechts und damit der friedlichen Regulierung internationaler Beziehungen kennen.<\/li>\n<\/ul>\n\n\n\n<div style=\"height:10px\" aria-hidden=\"true\" class=\"wp-block-spacer\"><\/div>\n\n\n<figure class=\"wp-block-table aligncenter tabelle_weiss\" style=\"padding-right: 0; padding-left: 0;\">\n<table class=\"has-ast-global-color-0-background-color has-background has-border-color has-ast-global-color-5-border-color has-fixed-layout\" style=\"border-width: 1px;\">\n<tbody>\n<tr>\n<td class=\"has-text-align-left\" data-align=\"left\"><strong><a href=\"https:\/\/www.lehrer.at\/uno\/wp-content\/uploads\/sites\/11\/2023\/09\/Vo\u0308lkerrecht_li.pdf\" target=\"_blank\" rel=\"noreferrer noopener\">Information f\u00fcr Lehrkr\u00e4fte<\/a><\/strong><\/td>\n<td class=\"has-text-align-left\" data-align=\"left\"><a href=\"https:\/\/www.lehrer.at\/uno\/wp-content\/uploads\/sites\/11\/2023\/09\/Vo\u0308lkerrecht_ab1.pdf\" target=\"_blank\" rel=\"noreferrer noopener\"><strong>Arbeitsblatt : &#8222;V\u00f6lkerrecht nachgefragt&#8220;<\/strong><\/a><br \/>Informationen und Verst\u00e4ndnisfragen zum V\u00f6lkerrecht<\/td>\n<\/tr>\n<tr>\n<td class=\"has-text-align-left\" data-align=\"left\"><strong><a href=\"https:\/\/www.lehrer.at\/uno\/wp-content\/uploads\/sites\/11\/2023\/09\/Vo\u0308lkerrecht_ab2.pdf\" target=\"_blank\" rel=\"noreferrer noopener\"><strong>Arbeitsblatt : &#8222;Flyer gelungen?&#8220;<\/strong><\/a><br \/><\/strong>Bewertungsraster f\u00fcr den von Sch\u00fclerInnen gestaltete Infoflyer im Rahmen der Themenvertiefung.<\/td>\n<td class=\"has-text-align-left\" style=\"background-color: white;\" data-align=\"left\">\u00a0<\/td>\n<\/tr>\n<\/tbody>\n<\/table>\n<\/figure>\n\n\n<p><\/p>\n","protected":false},"excerpt":{"rendered":"<p>V\u00f6lkerrechte Dieses Kurzpaket soll \u00f6sterreichische P\u00e4dagogInnen der Sekundarstufe dabei unterst\u00fctzen, ihren Sch\u00fclerInnen das Thema \u201eV\u00f6lkerrecht\u201c und die Rolle der UNO in diesem Zusammenhang im Unterricht n\u00e4herzubringen. Lernziele Die Sch\u00fclerInnen Information f\u00fcr Lehrkr\u00e4fte Arbeitsblatt : &#8222;V\u00f6lkerrecht nachgefragt&#8220;Informationen und Verst\u00e4ndnisfragen zum V\u00f6lkerrecht Arbeitsblatt : &#8222;Flyer gelungen?&#8220;Bewertungsraster f\u00fcr den von Sch\u00fclerInnen gestaltete Infoflyer im Rahmen der Themenvertiefung. \u00a0<\/p>\n","protected":false},"author":3,"featured_media":0,"parent":0,"menu_order":0,"comment_status":"closed","ping_status":"closed","template":"","meta":{"_acf_changed":false,"site-sidebar-layout":"default","site-content-layout":"","ast-site-content-layout":"default","site-content-style":"default","site-sidebar-style":"default","ast-global-header-display":"","ast-banner-title-visibility":"","ast-main-header-display":"","ast-hfb-above-header-display":"","ast-hfb-below-header-display":"","ast-hfb-mobile-header-display":"","site-post-title":"","ast-breadcrumbs-content":"","ast-featured-img":"","footer-sml-layout":"","theme-transparent-header-meta":"","adv-header-id-meta":"","stick-header-meta":"","header-above-stick-meta":"","header-main-stick-meta":"","header-below-stick-meta":"","astra-migrate-meta-layouts":"default","ast-page-background-enabled":"default","ast-page-background-meta":{"desktop":{"background-color":"var(--ast-global-color-4)","background-image":"","background-repeat":"repeat","background-position":"center center","background-size":"auto","background-attachment":"scroll","background-type":"","background-media":"","overlay-type":"","overlay-color":"","overlay-opacity":"","overlay-gradient":""},"tablet":{"background-color":"","background-image":"","background-repeat":"repeat","background-position":"center center","background-size":"auto","background-attachment":"scroll","background-type":"","background-media":"","overlay-type":"","overlay-color":"","overlay-opacity":"","overlay-gradient":""},"mobile":{"background-color":"","background-image":"","background-repeat":"repeat","background-position":"center center","background-size":"auto","background-attachment":"scroll","background-type":"","background-media":"","overlay-type":"","overlay-color":"","overlay-opacity":"","overlay-gradient":""}},"ast-content-background-meta":{"desktop":{"background-color":"var(--ast-global-color-5)","background-image":"","background-repeat":"repeat","background-position":"center center","background-size":"auto","background-attachment":"scroll","background-type":"","background-media":"","overlay-type":"","overlay-color":"","overlay-opacity":"","overlay-gradient":""},"tablet":{"background-color":"var(--ast-global-color-5)","background-image":"","background-repeat":"repeat","background-position":"center center","background-size":"auto","background-attachment":"scroll","background-type":"","background-media":"","overlay-type":"","overlay-color":"","overlay-opacity":"","overlay-gradient":""},"mobile":{"background-color":"var(--ast-global-color-5)","background-image":"","background-repeat":"repeat","background-position":"center center","background-size":"auto","background-attachment":"scroll","background-type":"","background-media":"","overlay-type":"","overlay-color":"","overlay-opacity":"","overlay-gradient":""}},"footnotes":""},"class_list":["post-256","page","type-page","status-publish","hentry"],"acf":[],"yoast_head":"<!-- This site is optimized with the Yoast SEO plugin v27.0 - https:\/\/yoast.com\/product\/yoast-seo-wordpress\/ -->\n<title>V\u00f6lkerrechte -<\/title>\n<meta name=\"robots\" content=\"index, follow, max-snippet:-1, max-image-preview:large, max-video-preview:-1\" \/>\n<link rel=\"canonical\" href=\"https:\/\/www.lehrer.at\/uno\/voelkerrechte\/\" \/>\n<meta property=\"og:locale\" content=\"de_DE\" \/>\n<meta property=\"og:type\" content=\"article\" \/>\n<meta property=\"og:title\" content=\"V\u00f6lkerrechte -\" \/>\n<meta property=\"og:description\" content=\"V\u00f6lkerrechte Dieses Kurzpaket soll \u00f6sterreichische P\u00e4dagogInnen der Sekundarstufe dabei unterst\u00fctzen, ihren Sch\u00fclerInnen das Thema \u201eV\u00f6lkerrecht\u201c und die Rolle der UNO in diesem Zusammenhang im Unterricht n\u00e4herzubringen. Lernziele Die Sch\u00fclerInnen Information f\u00fcr Lehrkr\u00e4fte Arbeitsblatt : &#8222;V\u00f6lkerrecht nachgefragt&#8220;Informationen und Verst\u00e4ndnisfragen zum V\u00f6lkerrecht Arbeitsblatt : &#8222;Flyer gelungen?&#8220;Bewertungsraster f\u00fcr den von Sch\u00fclerInnen gestaltete Infoflyer im Rahmen der Themenvertiefung. \u00a0\" \/>\n<meta property=\"og:url\" content=\"https:\/\/www.lehrer.at\/uno\/voelkerrechte\/\" \/>\n<meta property=\"article:modified_time\" content=\"2023-09-19T12:56:01+00:00\" \/>\n<meta name=\"twitter:card\" content=\"summary_large_image\" \/>\n<script type=\"application\/ld+json\" class=\"yoast-schema-graph\">{\"@context\":\"https:\/\/schema.org\",\"@graph\":[{\"@type\":\"WebPage\",\"@id\":\"https:\/\/www.lehrer.at\/uno\/voelkerrechte\/\",\"url\":\"https:\/\/www.lehrer.at\/uno\/voelkerrechte\/\",\"name\":\"V\u00f6lkerrechte -\",\"isPartOf\":{\"@id\":\"https:\/\/www.lehrer.at\/uno\/#website\"},\"datePublished\":\"2023-09-19T11:09:55+00:00\",\"dateModified\":\"2023-09-19T12:56:01+00:00\",\"breadcrumb\":{\"@id\":\"https:\/\/www.lehrer.at\/uno\/voelkerrechte\/#breadcrumb\"},\"inLanguage\":\"de-AT\",\"potentialAction\":[{\"@type\":\"ReadAction\",\"target\":[\"https:\/\/www.lehrer.at\/uno\/voelkerrechte\/\"]}]},{\"@type\":\"BreadcrumbList\",\"@id\":\"https:\/\/www.lehrer.at\/uno\/voelkerrechte\/#breadcrumb\",\"itemListElement\":[{\"@type\":\"ListItem\",\"position\":1,\"name\":\"Startseite\",\"item\":\"https:\/\/www.lehrer.at\/uno\/\"},{\"@type\":\"ListItem\",\"position\":2,\"name\":\"V\u00f6lkerrechte\"}]},{\"@type\":\"WebSite\",\"@id\":\"https:\/\/www.lehrer.at\/uno\/#website\",\"url\":\"https:\/\/www.lehrer.at\/uno\/\",\"name\":\"\",\"description\":\"\",\"potentialAction\":[{\"@type\":\"SearchAction\",\"target\":{\"@type\":\"EntryPoint\",\"urlTemplate\":\"https:\/\/www.lehrer.at\/uno\/?s={search_term_string}\"},\"query-input\":{\"@type\":\"PropertyValueSpecification\",\"valueRequired\":true,\"valueName\":\"search_term_string\"}}],\"inLanguage\":\"de-AT\"}]}<\/script>\n<!-- \/ Yoast SEO plugin. -->","yoast_head_json":{"title":"V\u00f6lkerrechte -","robots":{"index":"index","follow":"follow","max-snippet":"max-snippet:-1","max-image-preview":"max-image-preview:large","max-video-preview":"max-video-preview:-1"},"canonical":"https:\/\/www.lehrer.at\/uno\/voelkerrechte\/","og_locale":"de_DE","og_type":"article","og_title":"V\u00f6lkerrechte -","og_description":"V\u00f6lkerrechte Dieses Kurzpaket soll \u00f6sterreichische P\u00e4dagogInnen der Sekundarstufe dabei unterst\u00fctzen, ihren Sch\u00fclerInnen das Thema \u201eV\u00f6lkerrecht\u201c und die Rolle der UNO in diesem Zusammenhang im Unterricht n\u00e4herzubringen. Lernziele Die Sch\u00fclerInnen Information f\u00fcr Lehrkr\u00e4fte Arbeitsblatt : &#8222;V\u00f6lkerrecht nachgefragt&#8220;Informationen und Verst\u00e4ndnisfragen zum V\u00f6lkerrecht Arbeitsblatt : &#8222;Flyer gelungen?&#8220;Bewertungsraster f\u00fcr den von Sch\u00fclerInnen gestaltete Infoflyer im Rahmen der Themenvertiefung. \u00a0","og_url":"https:\/\/www.lehrer.at\/uno\/voelkerrechte\/","article_modified_time":"2023-09-19T12:56:01+00:00","twitter_card":"summary_large_image","schema":{"@context":"https:\/\/schema.org","@graph":[{"@type":"WebPage","@id":"https:\/\/www.lehrer.at\/uno\/voelkerrechte\/","url":"https:\/\/www.lehrer.at\/uno\/voelkerrechte\/","name":"V\u00f6lkerrechte -","isPartOf":{"@id":"https:\/\/www.lehrer.at\/uno\/#website"},"datePublished":"2023-09-19T11:09:55+00:00","dateModified":"2023-09-19T12:56:01+00:00","breadcrumb":{"@id":"https:\/\/www.lehrer.at\/uno\/voelkerrechte\/#breadcrumb"},"inLanguage":"de-AT","potentialAction":[{"@type":"ReadAction","target":["https:\/\/www.lehrer.at\/uno\/voelkerrechte\/"]}]},{"@type":"BreadcrumbList","@id":"https:\/\/www.lehrer.at\/uno\/voelkerrechte\/#breadcrumb","itemListElement":[{"@type":"ListItem","position":1,"name":"Startseite","item":"https:\/\/www.lehrer.at\/uno\/"},{"@type":"ListItem","position":2,"name":"V\u00f6lkerrechte"}]},{"@type":"WebSite","@id":"https:\/\/www.lehrer.at\/uno\/#website","url":"https:\/\/www.lehrer.at\/uno\/","name":"","description":"","potentialAction":[{"@type":"SearchAction","target":{"@type":"EntryPoint","urlTemplate":"https:\/\/www.lehrer.at\/uno\/?s={search_term_string}"},"query-input":{"@type":"PropertyValueSpecification","valueRequired":true,"valueName":"search_term_string"}}],"inLanguage":"de-AT"}]}},"_links":{"self":[{"href":"https:\/\/www.lehrer.at\/uno\/wp-json\/wp\/v2\/pages\/256","targetHints":{"allow":["GET"]}}],"collection":[{"href":"https:\/\/www.lehrer.at\/uno\/wp-json\/wp\/v2\/pages"}],"about":[{"href":"https:\/\/www.lehrer.at\/uno\/wp-json\/wp\/v2\/types\/page"}],"author":[{"embeddable":true,"href":"https:\/\/www.lehrer.at\/uno\/wp-json\/wp\/v2\/users\/3"}],"replies":[{"embeddable":true,"href":"https:\/\/www.lehrer.at\/uno\/wp-json\/wp\/v2\/comments?post=256"}],"version-history":[{"count":7,"href":"https:\/\/www.lehrer.at\/uno\/wp-json\/wp\/v2\/pages\/256\/revisions"}],"predecessor-version":[{"id":338,"href":"https:\/\/www.lehrer.at\/uno\/wp-json\/wp\/v2\/pages\/256\/revisions\/338"}],"wp:attachment":[{"href":"https:\/\/www.lehrer.at\/uno\/wp-json\/wp\/v2\/media?parent=256"}],"curies":[{"name":"wp","href":"https:\/\/api.w.org\/{rel}","templated":true}]}}